{"id":4463,"date":"2025-08-08T08:58:22","date_gmt":"2025-08-08T11:58:22","guid":{"rendered":"https:\/\/economicas.unsa.edu.ar\/si\/?page_id=4463"},"modified":"2025-08-08T13:33:16","modified_gmt":"2025-08-08T16:33:16","slug":"elementor-4463","status":"publish","type":"page","link":"https:\/\/economicas.unsa.edu.ar\/si\/?page_id=4463","title":{"rendered":"Elementor #4463"},"content":{"rendered":"\t\t<div data-elementor-type=\"wp-page\" data-elementor-id=\"4463\" class=\"elementor elementor-4463\" data-elementor-settings=\"[]\">\n\t\t\t\t\t\t\t<div class=\"elementor-section-wrap\">\n\t\t\t\t\t\t\t<section class=\"elementor-section elementor-top-section elementor-element elementor-element-37792f1 elementor-section-boxed elementor-section-height-default elementor-section-height-default\" data-id=\"37792f1\" data-element_type=\"section\">\n\t\t\t\t\t\t<div class=\"elementor-container elementor-column-gap-default\">\n\t\t\t\t\t<div class=\"elementor-column elementor-col-100 elementor-top-column elementor-element elementor-element-a9101b7\" data-id=\"a9101b7\" data-element_type=\"column\">\n\t\t\t<div class=\"elementor-widget-wrap elementor-element-populated\">\n\t\t\t\t\t\t\t\t<div class=\"elementor-element elementor-element-d530949 elementor-widget elementor-widget-heading\" data-id=\"d530949\" data-element_type=\"widget\" data-widget_type=\"heading.default\">\n\t\t\t\t<div class=\"elementor-widget-container\">\n\t\t\t<h2 class=\"elementor-heading-title elementor-size-default\"><b>Conferencistas - Edici\u00f3n 2025<\/b><\/h2>\t\t<\/div>\n\t\t\t\t<\/div>\n\t\t\t\t\t<\/div>\n\t\t<\/div>\n\t\t\t\t\t\t\t<\/div>\n\t\t<\/section>\n\t\t\t\t<section class=\"elementor-section elementor-top-section elementor-element elementor-element-f3e4c1b elementor-section-boxed elementor-section-height-default elementor-section-height-default\" data-id=\"f3e4c1b\" data-element_type=\"section\">\n\t\t\t\t\t\t<div class=\"elementor-container elementor-column-gap-default\">\n\t\t\t\t\t<div class=\"elementor-column elementor-col-50 elementor-top-column elementor-element elementor-element-f9fb183\" data-id=\"f9fb183\" data-element_type=\"column\">\n\t\t\t<div class=\"elementor-widget-wrap elementor-element-populated\">\n\t\t\t\t\t\t\t\t<div class=\"elementor-element elementor-element-be6e276 elementor-widget elementor-widget-image\" data-id=\"be6e276\" data-element_type=\"widget\" data-widget_type=\"image.default\">\n\t\t\t\t<div class=\"elementor-widget-container\">\n\t\t\t\t\t\t\t\t\t\t\t\t\t\t\t<img loading=\"lazy\" decoding=\"async\" width=\"274\" height=\"268\" src=\"https:\/\/economicas.unsa.edu.ar\/si\/wp-content\/uploads\/2023\/08\/martin-kerner.png\" class=\"attachment-large size-large\" alt=\"\" \/>\t\t\t\t\t\t\t\t\t\t\t\t\t\t\t<\/div>\n\t\t\t\t<\/div>\n\t\t\t\t<div class=\"elementor-element elementor-element-cccf2f1 elementor-widget elementor-widget-spacer\" data-id=\"cccf2f1\" data-element_type=\"widget\" data-widget_type=\"spacer.default\">\n\t\t\t\t<div class=\"elementor-widget-container\">\n\t\t\t\t\t<div class=\"elementor-spacer\">\n\t\t\t<div class=\"elementor-spacer-inner\"><\/div>\n\t\t<\/div>\n\t\t\t\t<\/div>\n\t\t\t\t<\/div>\n\t\t\t\t<div class=\"elementor-element elementor-element-88bfdbf elementor-widget elementor-widget-text-editor\" data-id=\"88bfdbf\" data-element_type=\"widget\" data-widget_type=\"text-editor.default\">\n\t\t\t\t<div class=\"elementor-widget-container\">\n\t\t\t\t\t\t\t\t<p style=\"text-align: center; margin: 0cm 0cm 8.0pt 0cm;\" align=\"center\"><i><span style=\"font-family: Arial, sans-serif;\"><b>\u00abTaller de Aplicaci\u00f3n del nuevo concepto de Control para la consolidaci\u00f3n con RT 54 NUA\u00bb<\/b><\/span><\/i><\/p><p style=\"text-align: center; margin: 0cm 0cm 8.0pt 0cm;\" align=\"center\"><b style=\"color: #9d3483; font-size: 1.33333rem; font-style: inherit; font-family: var( --e-global-typography-text-font-family ), Sans-serif;\"><span lang=\"ES\" style=\"font-family: 'Arial', sans-serif;\">\u00a0<\/span><\/b><b style=\"font-style: inherit; font-family: var( --e-global-typography-text-font-family ), Sans-serif; color: #9d3483; font-size: 1.33333rem;\"><span lang=\"ES\" style=\"font-family: 'Arial', sans-serif;\">MART\u00cdN KERNER<\/span><\/b><\/p>\t\t\t\t\t\t<\/div>\n\t\t\t\t<\/div>\n\t\t\t\t<div class=\"elementor-element elementor-element-3e3b4af elementor-widget elementor-widget-text-editor\" data-id=\"3e3b4af\" data-element_type=\"widget\" data-widget_type=\"text-editor.default\">\n\t\t\t\t<div class=\"elementor-widget-container\">\n\t\t\t\t\t\t\t\t<ul><li>Contador, graduado de la Universidad de Buenos Aires (UBA).<\/li><li>Especialista en normas contables internacionales (IFRS-NIIF). Sus a\u00f1os de trabajo como profesional independiente lo llevaron hoy a ser un capacitador especializado en normas contables nacionales e internacionales con Certificaci\u00f3n Internacional.<\/li><li>Profesor universitario de carreras de grado y posgrado en UBA, UCA, UADE, Universidad de Rosario y Universidad Austral.<\/li><li>Actual Miembro Titular del Consejo Elaborador de Normas de Contabilidad y Auditor\u00eda de Argentina. Federaci\u00f3n Argentina de Consejos Profesionales de Ciencias Econ\u00f3micas (FACPCE).<\/li><li>Actual Consejero Miembro de la Mesa Directiva del Consejo CABA.<br \/>Consejo Profesional de Ciencias Econ\u00f3micas de la Ciudad Aut\u00f3noma de Buenos Aires.<\/li><li>Coordinador, consultor y asesor de ERREPAR<\/li><\/ul>\t\t\t\t\t\t<\/div>\n\t\t\t\t<\/div>\n\t\t\t\t\t<\/div>\n\t\t<\/div>\n\t\t\t\t<div class=\"elementor-column elementor-col-50 elementor-top-column elementor-element elementor-element-e58386a\" data-id=\"e58386a\" data-element_type=\"column\">\n\t\t\t<div class=\"elementor-widget-wrap elementor-element-populated\">\n\t\t\t\t\t\t\t\t<div class=\"elementor-element elementor-element-ecb52c6 elementor-widget elementor-widget-image\" data-id=\"ecb52c6\" data-element_type=\"widget\" data-widget_type=\"image.default\">\n\t\t\t\t<div class=\"elementor-widget-container\">\n\t\t\t\t\t\t\t\t\t\t\t\t\t\t\t<img decoding=\"async\" src=\"https:\/\/economicas.unsa.edu.ar\/web\/archivos\/secInvExt\/jices\/caro-ibarguren.png\" title=\"\" alt=\"\" \/>\t\t\t\t\t\t\t\t\t\t\t\t\t\t\t<\/div>\n\t\t\t\t<\/div>\n\t\t\t\t<div class=\"elementor-element elementor-element-6f61d0c elementor-widget elementor-widget-text-editor\" data-id=\"6f61d0c\" data-element_type=\"widget\" data-widget_type=\"text-editor.default\">\n\t\t\t\t<div class=\"elementor-widget-container\">\n\t\t\t\t\t\t\t\t<p style=\"text-align: center; line-height: normal;\" align=\"center\"><i><span style=\"font-family: Arial, sans-serif;\"><b>\u201cLos caminos de la ciencia: herramientas pr\u00e1cticas para encarar un proyecto de investigaci\u00f3n atractivo\u201d<\/b><\/span><\/i><\/p><p style=\"text-align: center; background: white; vertical-align: baseline;\" align=\"center\"><b><span lang=\"ES-AR\" style=\"font-size: 15.0pt; font-family: 'Arial',sans-serif; color: #9d3483;\">CAROLINA IBARGUREN<\/span><\/b><\/p>\t\t\t\t\t\t<\/div>\n\t\t\t\t<\/div>\n\t\t\t\t<div class=\"elementor-element elementor-element-fe5960f elementor-widget elementor-widget-text-editor\" data-id=\"fe5960f\" data-element_type=\"widget\" data-widget_type=\"text-editor.default\">\n\t\t\t\t<div class=\"elementor-widget-container\">\n\t\t\t\t\t\t\t\t<ul><li>Lic. en Qu\u00edmica\/Bromat\u00f3loga (UNSa)<\/li><li>Doctora en Alimentos. Orientaci\u00f3n Ciencia (UNSa)<\/li><li>Investigadora Adjunta (INIQUI-CONICET-UNSa)<\/li><li>JTP (Facultad de Ciencias de la Salud-UNSa)<\/li><li>Integrante de intercambio Teagasc Food Research Centre (Irlanda), Friedrich Schiller Universit\u00e4t-Jena (Alemania), UNICAMP (Brasil)<\/li><li>Investigador Responsable de Proyectos Acreditados<\/li><li>Autora de Art\u00edculos Cient\u00edficos y de Divulgaci\u00f3n Nacionales e Internacionales<\/li><li>Revisora externa de Revistas Cient\u00edficas Indexadas<\/li><li>Representante del estamento Auxiliares de la Docencia \u2013 CIUNSa.<\/li><\/ul>\t\t\t\t\t\t<\/div>\n\t\t\t\t<\/div>\n\t\t\t\t\t<\/div>\n\t\t<\/div>\n\t\t\t\t\t\t\t<\/div>\n\t\t<\/section>\n\t\t\t\t<section class=\"elementor-section elementor-top-section elementor-element elementor-element-3c09f1d elementor-section-boxed elementor-section-height-default elementor-section-height-default\" data-id=\"3c09f1d\" data-element_type=\"section\">\n\t\t\t\t\t\t<div class=\"elementor-container elementor-column-gap-default\">\n\t\t\t\t\t<div class=\"elementor-column elementor-col-50 elementor-top-column elementor-element elementor-element-3408840\" data-id=\"3408840\" data-element_type=\"column\">\n\t\t\t<div class=\"elementor-widget-wrap elementor-element-populated\">\n\t\t\t\t\t\t\t\t<div class=\"elementor-element elementor-element-9d744d2 elementor-widget elementor-widget-image\" data-id=\"9d744d2\" data-element_type=\"widget\" data-widget_type=\"image.default\">\n\t\t\t\t<div class=\"elementor-widget-container\">\n\t\t\t\t\t\t\t\t\t\t\t\t\t\t\t<img decoding=\"async\" src=\"https:\/\/economicas.unsa.edu.ar\/web\/archivos\/secInvExt\/jices\/beatriz-marcolini.png\" title=\"\" alt=\"\" \/>\t\t\t\t\t\t\t\t\t\t\t\t\t\t\t<\/div>\n\t\t\t\t<\/div>\n\t\t\t\t<div class=\"elementor-element elementor-element-ad1a120 elementor-widget elementor-widget-spacer\" data-id=\"ad1a120\" data-element_type=\"widget\" data-widget_type=\"spacer.default\">\n\t\t\t\t<div class=\"elementor-widget-container\">\n\t\t\t\t\t<div class=\"elementor-spacer\">\n\t\t\t<div class=\"elementor-spacer-inner\"><\/div>\n\t\t<\/div>\n\t\t\t\t<\/div>\n\t\t\t\t<\/div>\n\t\t\t\t<div class=\"elementor-element elementor-element-e33779a elementor-widget elementor-widget-text-editor\" data-id=\"e33779a\" data-element_type=\"widget\" data-widget_type=\"text-editor.default\">\n\t\t\t\t<div class=\"elementor-widget-container\">\n\t\t\t\t\t\t\t\t<p style=\"text-align: center; margin: 0cm 0cm 8.0pt 0cm;\" align=\"center\"><i><b>\u201cLa investigaci\u00f3n en impuestos desde la perspectiva de la contabilidad financiera\u201d<\/b><\/i><b style=\"color: #9d3483; font-size: 1.33333rem; font-style: inherit; font-family: var( --e-global-typography-text-font-family ), Sans-serif;\"><span lang=\"ES\" style=\"font-family: 'Arial', sans-serif;\">\u00a0<\/span><\/b><\/p><p style=\"text-align: center; margin: 0cm 0cm 8.0pt 0cm;\" align=\"center\"><span style=\"color: #9d3483; font-family: Arial, sans-serif;\"><span style=\"font-size: 21.3333px;\"><b>SILVINA BEATRIZ MARCOLINI<\/b><\/span><\/span><\/p>\t\t\t\t\t\t<\/div>\n\t\t\t\t<\/div>\n\t\t\t\t<div class=\"elementor-element elementor-element-0482f29 elementor-widget elementor-widget-text-editor\" data-id=\"0482f29\" data-element_type=\"widget\" data-widget_type=\"text-editor.default\">\n\t\t\t\t<div class=\"elementor-widget-container\">\n\t\t\t\t\t\t\t\t<ul><li>Doctora en Contabilidad por la Universidad de Valencia, Espa\u00f1a<\/li><li>Magister en Contabilidad, Contadora P\u00fablica Nacional y Profesora de Contabilidad de la Universidad Nacional de Rosario (UNR)<\/li><li>Docente Investigadora, Categor\u00eda II, del Programa de Fomento a la Investigaci\u00f3n Cient\u00edfica y Tecnol\u00f3gica de la Universidad Nacional de Rosario<\/li><li>Docente de grado en la Facultad de Ciencias Econ\u00f3micas y Estad\u00edstica de la Universidad Nacional de Rosario y en la Facultad de Ciencias Empresariales de la Universidad Austral sede Rosario<\/li><li>Docente de posgrado en universidades nacionales y extranjeras<\/li><li>Miembro de Comit\u00e9 Evaluador del Centro de Estudios Cient\u00edficos y T\u00e9cnicos (CECyT) de la Federaci\u00f3n Argentina de Consejos Profesionales de Ciencias Econ\u00f3micas (FACPCE)<\/li><li>Autora de diversos trabajos publicados en el pa\u00eds y en el exterior<\/li><li>Profesional independiente<\/li><\/ul>\t\t\t\t\t\t<\/div>\n\t\t\t\t<\/div>\n\t\t\t\t\t<\/div>\n\t\t<\/div>\n\t\t\t\t<div class=\"elementor-column elementor-col-50 elementor-top-column elementor-element elementor-element-fa1c1c3\" data-id=\"fa1c1c3\" data-element_type=\"column\">\n\t\t\t<div class=\"elementor-widget-wrap\">\n\t\t\t\t\t\t\t\t\t<\/div>\n\t\t<\/div>\n\t\t\t\t\t\t\t<\/div>\n\t\t<\/section>\n\t\t\t\t\t\t<\/div>\n\t\t\t\t\t<\/div>\n\t\t","protected":false},"excerpt":{"rendered":"<p>Conferencistas &#8211; Edici\u00f3n 2025 \u00abTaller de Aplicaci\u00f3n del nuevo concepto de Control para la consolidaci\u00f3n con RT 54 NUA\u00bb \u00a0MART\u00cdN KERNER Contador, graduado de la Universidad de Buenos Aires (UBA). Especialista en normas contables internacionales (IFRS-NIIF). Sus a\u00f1os de trabajo como profesional independiente lo llevaron hoy a ser un capacitador especializado en normas contables nacionales &hellip;<\/p>\n<p class=\"read-more\"> <a class=\"\" href=\"https:\/\/economicas.unsa.edu.ar\/si\/?page_id=4463\"> <span class=\"screen-reader-text\">Elementor #4463<\/span> Leer m\u00e1s &raquo;<\/a><\/p>\n","protected":false},"author":2,"featured_media":0,"parent":0,"menu_order":0,"comment_status":"closed","ping_status":"closed","template":"","meta":{"footnotes":""},"class_list":["post-4463","page","type-page","status-publish","hentry"],"_links":{"self":[{"href":"https:\/\/economicas.unsa.edu.ar\/si\/index.php?rest_route=\/wp\/v2\/pages\/4463","targetHints":{"allow":["GET"]}}],"collection":[{"href":"https:\/\/economicas.unsa.edu.ar\/si\/index.php?rest_route=\/wp\/v2\/pages"}],"about":[{"href":"https:\/\/economicas.unsa.edu.ar\/si\/index.php?rest_route=\/wp\/v2\/types\/page"}],"author":[{"embeddable":true,"href":"https:\/\/economicas.unsa.edu.ar\/si\/index.php?rest_route=\/wp\/v2\/users\/2"}],"replies":[{"embeddable":true,"href":"https:\/\/economicas.unsa.edu.ar\/si\/index.php?rest_route=%2Fwp%2Fv2%2Fcomments&post=4463"}],"version-history":[{"count":37,"href":"https:\/\/economicas.unsa.edu.ar\/si\/index.php?rest_route=\/wp\/v2\/pages\/4463\/revisions"}],"predecessor-version":[{"id":4505,"href":"https:\/\/economicas.unsa.edu.ar\/si\/index.php?rest_route=\/wp\/v2\/pages\/4463\/revisions\/4505"}],"wp:attachment":[{"href":"https:\/\/economicas.unsa.edu.ar\/si\/index.php?rest_route=%2Fwp%2Fv2%2Fmedia&parent=4463"}],"curies":[{"name":"wp","href":"https:\/\/api.w.org\/{rel}","templated":true}]}}